{"id":1305,"date":"2026-04-29T21:42:39","date_gmt":"2026-04-29T21:42:39","guid":{"rendered":"https:\/\/aikidocanejan.fr\/?page_id=1305"},"modified":"2026-04-29T21:53:40","modified_gmt":"2026-04-29T21:53:40","slug":"bibliotheque","status":"publish","type":"page","link":"https:\/\/aikidocanejan.fr\/?page_id=1305","title":{"rendered":"BIBLIOTHEQUE"},"content":{"rendered":"\n<p>Cliquez sur les images pour les agrandir. Vous trouverez plus bas la description des \u0153uvres, class\u00e9es par ordres alphab\u00e9tique (titre du livre).<\/p>\n\n\n\n<figure class=\"wp-block-gallery has-nested-images columns-6 is-cropped wp-block-gallery-1 is-layout-flex wp-block-gallery-is-layout-flex\">\n<figure data-wp-context=\"{&quot;imageId&quot;:&quot;69f32853b48ed&quot;}\" data-wp-interactive=\"core\/image\" class=\"wp-block-image size-full wp-lightbox-container\"><img decoding=\"async\" width=\"600\" height=\"849\" data-wp-class--hide=\"state.isContentHidden\" data-wp-class--show=\"state.isContentVisible\" data-wp-init=\"callbacks.setButtonStyles\" data-wp-on-async--click=\"actions.showLightbox\" data-wp-on-async--load=\"callbacks.setButtonStyles\" data-wp-on-async-window--resize=\"callbacks.setButtonStyles\" data-id=\"1321\" src=\"https:\/\/aikidocanejan.fr\/wp-content\/uploads\/2026\/04\/1000035279-600\u00d7849.jpg\" alt=\"\" class=\"wp-image-1321\" srcset=\"https:\/\/aikidocanejan.fr\/wp-content\/uploads\/2026\/04\/1000035279-600\u00d7849.jpg 600w, https:\/\/aikidocanejan.fr\/wp-content\/uploads\/2026\/04\/1000035279-600\u00d7849-212x300.jpg 212w\" sizes=\"(max-width: 600px) 100vw, 600px\" \/><button\n\t\t\tclass=\"lightbox-trigger\"\n\t\t\ttype=\"button\"\n\t\t\taria-haspopup=\"dialog\"\n\t\t\taria-label=\"Agrandir\"\n\t\t\tdata-wp-init=\"callbacks.initTriggerButton\"\n\t\t\tdata-wp-on-async--click=\"actions.showLightbox\"\n\t\t\tdata-wp-style--right=\"state.imageButtonRight\"\n\t\t\tdata-wp-style--top=\"state.imageButtonTop\"\n\t\t>\n\t\t\t<svg xmlns=\"http:\/\/www.w3.org\/2000\/svg\" width=\"12\" height=\"12\" fill=\"none\" viewBox=\"0 0 12 12\">\n\t\t\t\t<path fill=\"#fff\" d=\"M2 0a2 2 0 0 0-2 2v2h1.5V2a.5.5 0 0 1 .5-.5h2V0H2Zm2 10.5H2a.5.5 0 0 1-.5-.5V8H0v2a2 2 0 0 0 2 2h2v-1.5ZM8 12v-1.5h2a.5.5 0 0 0 .5-.5V8H12v2a2 2 0 0 1-2 2H8Zm2-12a2 2 0 0 1 2 2v2h-1.5V2a.5.5 0 0 0-.5-.5H8V0h2Z\" \/>\n\t\t\t<\/svg>\n\t\t<\/button><\/figure>\n\n\n\n<figure data-wp-context=\"{&quot;imageId&quot;:&quot;69f32853b4bd3&quot;}\" data-wp-interactive=\"core\/image\" class=\"wp-block-image size-full wp-lightbox-container\"><img decoding=\"async\" width=\"489\" height=\"800\" data-wp-class--hide=\"state.isContentHidden\" data-wp-class--show=\"state.isContentVisible\" data-wp-init=\"callbacks.setButtonStyles\" data-wp-on-async--click=\"actions.showLightbox\" data-wp-on-async--load=\"callbacks.setButtonStyles\" data-wp-on-async-window--resize=\"callbacks.setButtonStyles\" data-id=\"1318\" src=\"https:\/\/aikidocanejan.fr\/wp-content\/uploads\/2026\/04\/1000035255-489\u00d7800.jpg\" alt=\"\" class=\"wp-image-1318\" srcset=\"https:\/\/aikidocanejan.fr\/wp-content\/uploads\/2026\/04\/1000035255-489\u00d7800.jpg 489w, https:\/\/aikidocanejan.fr\/wp-content\/uploads\/2026\/04\/1000035255-489\u00d7800-183x300.jpg 183w\" sizes=\"(max-width: 489px) 100vw, 489px\" \/><button\n\t\t\tclass=\"lightbox-trigger\"\n\t\t\ttype=\"button\"\n\t\t\taria-haspopup=\"dialog\"\n\t\t\taria-label=\"Agrandir\"\n\t\t\tdata-wp-init=\"callbacks.initTriggerButton\"\n\t\t\tdata-wp-on-async--click=\"actions.showLightbox\"\n\t\t\tdata-wp-style--right=\"state.imageButtonRight\"\n\t\t\tdata-wp-style--top=\"state.imageButtonTop\"\n\t\t>\n\t\t\t<svg xmlns=\"http:\/\/www.w3.org\/2000\/svg\" width=\"12\" height=\"12\" fill=\"none\" viewBox=\"0 0 12 12\">\n\t\t\t\t<path fill=\"#fff\" d=\"M2 0a2 2 0 0 0-2 2v2h1.5V2a.5.5 0 0 1 .5-.5h2V0H2Zm2 10.5H2a.5.5 0 0 1-.5-.5V8H0v2a2 2 0 0 0 2 2h2v-1.5ZM8 12v-1.5h2a.5.5 0 0 0 .5-.5V8H12v2a2 2 0 0 1-2 2H8Zm2-12a2 2 0 0 1 2 2v2h-1.5V2a.5.5 0 0 0-.5-.5H8V0h2Z\" \/>\n\t\t\t<\/svg>\n\t\t<\/button><\/figure>\n\n\n\n<figure data-wp-context=\"{&quot;imageId&quot;:&quot;69f32853b4e53&quot;}\" data-wp-interactive=\"core\/image\" class=\"wp-block-image size-full wp-lightbox-container\"><img decoding=\"async\" width=\"250\" height=\"409\" data-wp-class--hide=\"state.isContentHidden\" data-wp-class--show=\"state.isContentVisible\" data-wp-init=\"callbacks.setButtonStyles\" data-wp-on-async--click=\"actions.showLightbox\" data-wp-on-async--load=\"callbacks.setButtonStyles\" data-wp-on-async-window--resize=\"callbacks.setButtonStyles\" data-id=\"1319\" src=\"https:\/\/aikidocanejan.fr\/wp-content\/uploads\/2026\/04\/1000035257-250\u00d7409.jpg\" alt=\"\" class=\"wp-image-1319\" srcset=\"https:\/\/aikidocanejan.fr\/wp-content\/uploads\/2026\/04\/1000035257-250\u00d7409.jpg 250w, https:\/\/aikidocanejan.fr\/wp-content\/uploads\/2026\/04\/1000035257-250\u00d7409-183x300.jpg 183w\" sizes=\"(max-width: 250px) 100vw, 250px\" \/><button\n\t\t\tclass=\"lightbox-trigger\"\n\t\t\ttype=\"button\"\n\t\t\taria-haspopup=\"dialog\"\n\t\t\taria-label=\"Agrandir\"\n\t\t\tdata-wp-init=\"callbacks.initTriggerButton\"\n\t\t\tdata-wp-on-async--click=\"actions.showLightbox\"\n\t\t\tdata-wp-style--right=\"state.imageButtonRight\"\n\t\t\tdata-wp-style--top=\"state.imageButtonTop\"\n\t\t>\n\t\t\t<svg xmlns=\"http:\/\/www.w3.org\/2000\/svg\" width=\"12\" height=\"12\" fill=\"none\" viewBox=\"0 0 12 12\">\n\t\t\t\t<path fill=\"#fff\" d=\"M2 0a2 2 0 0 0-2 2v2h1.5V2a.5.5 0 0 1 .5-.5h2V0H2Zm2 10.5H2a.5.5 0 0 1-.5-.5V8H0v2a2 2 0 0 0 2 2h2v-1.5ZM8 12v-1.5h2a.5.5 0 0 0 .5-.5V8H12v2a2 2 0 0 1-2 2H8Zm2-12a2 2 0 0 1 2 2v2h-1.5V2a.5.5 0 0 0-.5-.5H8V0h2Z\" \/>\n\t\t\t<\/svg>\n\t\t<\/button><\/figure>\n\n\n\n<figure data-wp-context=\"{&quot;imageId&quot;:&quot;69f32853b50db&quot;}\" data-wp-interactive=\"core\/image\" class=\"wp-block-image size-full wp-lightbox-container\"><img decoding=\"async\" width=\"319\" height=\"475\" data-wp-class--hide=\"state.isContentHidden\" data-wp-class--show=\"state.isContentVisible\" data-wp-init=\"callbacks.setButtonStyles\" data-wp-on-async--click=\"actions.showLightbox\" data-wp-on-async--load=\"callbacks.setButtonStyles\" data-wp-on-async-window--resize=\"callbacks.setButtonStyles\" data-id=\"1309\" src=\"https:\/\/aikidocanejan.fr\/wp-content\/uploads\/2026\/04\/M02851805568-source.jpg\" alt=\"\" class=\"wp-image-1309\" srcset=\"https:\/\/aikidocanejan.fr\/wp-content\/uploads\/2026\/04\/M02851805568-source.jpg 319w, https:\/\/aikidocanejan.fr\/wp-content\/uploads\/2026\/04\/M02851805568-source-201x300.jpg 201w\" sizes=\"(max-width: 319px) 100vw, 319px\" \/><button\n\t\t\tclass=\"lightbox-trigger\"\n\t\t\ttype=\"button\"\n\t\t\taria-haspopup=\"dialog\"\n\t\t\taria-label=\"Agrandir\"\n\t\t\tdata-wp-init=\"callbacks.initTriggerButton\"\n\t\t\tdata-wp-on-async--click=\"actions.showLightbox\"\n\t\t\tdata-wp-style--right=\"state.imageButtonRight\"\n\t\t\tdata-wp-style--top=\"state.imageButtonTop\"\n\t\t>\n\t\t\t<svg xmlns=\"http:\/\/www.w3.org\/2000\/svg\" width=\"12\" height=\"12\" fill=\"none\" viewBox=\"0 0 12 12\">\n\t\t\t\t<path fill=\"#fff\" d=\"M2 0a2 2 0 0 0-2 2v2h1.5V2a.5.5 0 0 1 .5-.5h2V0H2Zm2 10.5H2a.5.5 0 0 1-.5-.5V8H0v2a2 2 0 0 0 2 2h2v-1.5ZM8 12v-1.5h2a.5.5 0 0 0 .5-.5V8H12v2a2 2 0 0 1-2 2H8Zm2-12a2 2 0 0 1 2 2v2h-1.5V2a.5.5 0 0 0-.5-.5H8V0h2Z\" \/>\n\t\t\t<\/svg>\n\t\t<\/button><\/figure>\n\n\n\n<figure data-wp-context=\"{&quot;imageId&quot;:&quot;69f32853b534a&quot;}\" data-wp-interactive=\"core\/image\" class=\"wp-block-image size-full wp-lightbox-container\"><img decoding=\"async\" width=\"298\" height=\"475\" data-wp-class--hide=\"state.isContentHidden\" data-wp-class--show=\"state.isContentVisible\" data-wp-init=\"callbacks.setButtonStyles\" data-wp-on-async--click=\"actions.showLightbox\" data-wp-on-async--load=\"callbacks.setButtonStyles\" data-wp-on-async-window--resize=\"callbacks.setButtonStyles\" data-id=\"1308\" src=\"https:\/\/aikidocanejan.fr\/wp-content\/uploads\/2026\/04\/M02702900593-880px2.jpg\" alt=\"\" class=\"wp-image-1308\" srcset=\"https:\/\/aikidocanejan.fr\/wp-content\/uploads\/2026\/04\/M02702900593-880px2.jpg 298w, https:\/\/aikidocanejan.fr\/wp-content\/uploads\/2026\/04\/M02702900593-880px2-188x300.jpg 188w\" sizes=\"(max-width: 298px) 100vw, 298px\" \/><button\n\t\t\tclass=\"lightbox-trigger\"\n\t\t\ttype=\"button\"\n\t\t\taria-haspopup=\"dialog\"\n\t\t\taria-label=\"Agrandir\"\n\t\t\tdata-wp-init=\"callbacks.initTriggerButton\"\n\t\t\tdata-wp-on-async--click=\"actions.showLightbox\"\n\t\t\tdata-wp-style--right=\"state.imageButtonRight\"\n\t\t\tdata-wp-style--top=\"state.imageButtonTop\"\n\t\t>\n\t\t\t<svg xmlns=\"http:\/\/www.w3.org\/2000\/svg\" width=\"12\" height=\"12\" fill=\"none\" viewBox=\"0 0 12 12\">\n\t\t\t\t<path fill=\"#fff\" d=\"M2 0a2 2 0 0 0-2 2v2h1.5V2a.5.5 0 0 1 .5-.5h2V0H2Zm2 10.5H2a.5.5 0 0 1-.5-.5V8H0v2a2 2 0 0 0 2 2h2v-1.5ZM8 12v-1.5h2a.5.5 0 0 0 .5-.5V8H12v2a2 2 0 0 1-2 2H8Zm2-12a2 2 0 0 1 2 2v2h-1.5V2a.5.5 0 0 0-.5-.5H8V0h2Z\" \/>\n\t\t\t<\/svg>\n\t\t<\/button><\/figure>\n\n\n\n<figure data-wp-context=\"{&quot;imageId&quot;:&quot;69f32853b55c7&quot;}\" data-wp-interactive=\"core\/image\" class=\"wp-block-image size-full wp-lightbox-container\"><img decoding=\"async\" width=\"1080\" height=\"1746\" data-wp-class--hide=\"state.isContentHidden\" data-wp-class--show=\"state.isContentVisible\" data-wp-init=\"callbacks.setButtonStyles\" data-wp-on-async--click=\"actions.showLightbox\" data-wp-on-async--load=\"callbacks.setButtonStyles\" data-wp-on-async-window--resize=\"callbacks.setButtonStyles\" data-id=\"1312\" src=\"https:\/\/aikidocanejan.fr\/wp-content\/uploads\/2026\/04\/share_504316658435234680.png\" alt=\"\" class=\"wp-image-1312\" srcset=\"https:\/\/aikidocanejan.fr\/wp-content\/uploads\/2026\/04\/share_504316658435234680.png 1080w, https:\/\/aikidocanejan.fr\/wp-content\/uploads\/2026\/04\/share_504316658435234680-186x300.png 186w, https:\/\/aikidocanejan.fr\/wp-content\/uploads\/2026\/04\/share_504316658435234680-633x1024.png 633w\" sizes=\"(max-width: 1080px) 100vw, 1080px\" \/><button\n\t\t\tclass=\"lightbox-trigger\"\n\t\t\ttype=\"button\"\n\t\t\taria-haspopup=\"dialog\"\n\t\t\taria-label=\"Agrandir\"\n\t\t\tdata-wp-init=\"callbacks.initTriggerButton\"\n\t\t\tdata-wp-on-async--click=\"actions.showLightbox\"\n\t\t\tdata-wp-style--right=\"state.imageButtonRight\"\n\t\t\tdata-wp-style--top=\"state.imageButtonTop\"\n\t\t>\n\t\t\t<svg xmlns=\"http:\/\/www.w3.org\/2000\/svg\" width=\"12\" height=\"12\" fill=\"none\" viewBox=\"0 0 12 12\">\n\t\t\t\t<path fill=\"#fff\" d=\"M2 0a2 2 0 0 0-2 2v2h1.5V2a.5.5 0 0 1 .5-.5h2V0H2Zm2 10.5H2a.5.5 0 0 1-.5-.5V8H0v2a2 2 0 0 0 2 2h2v-1.5ZM8 12v-1.5h2a.5.5 0 0 0 .5-.5V8H12v2a2 2 0 0 1-2 2H8Zm2-12a2 2 0 0 1 2 2v2h-1.5V2a.5.5 0 0 0-.5-.5H8V0h2Z\" \/>\n\t\t\t<\/svg>\n\t\t<\/button><\/figure>\n\n\n\n<figure data-wp-context=\"{&quot;imageId&quot;:&quot;69f32853b582c&quot;}\" data-wp-interactive=\"core\/image\" class=\"wp-block-image size-full wp-lightbox-container\"><img decoding=\"async\" width=\"1055\" height=\"1749\" data-wp-class--hide=\"state.isContentHidden\" data-wp-class--show=\"state.isContentVisible\" data-wp-init=\"callbacks.setButtonStyles\" data-wp-on-async--click=\"actions.showLightbox\" data-wp-on-async--load=\"callbacks.setButtonStyles\" data-wp-on-async-window--resize=\"callbacks.setButtonStyles\" data-id=\"1314\" src=\"https:\/\/aikidocanejan.fr\/wp-content\/uploads\/2026\/04\/share_3318297551348503773.png\" alt=\"\" class=\"wp-image-1314\" srcset=\"https:\/\/aikidocanejan.fr\/wp-content\/uploads\/2026\/04\/share_3318297551348503773.png 1055w, https:\/\/aikidocanejan.fr\/wp-content\/uploads\/2026\/04\/share_3318297551348503773-181x300.png 181w, https:\/\/aikidocanejan.fr\/wp-content\/uploads\/2026\/04\/share_3318297551348503773-618x1024.png 618w, https:\/\/aikidocanejan.fr\/wp-content\/uploads\/2026\/04\/share_3318297551348503773-768x1273.png 768w, https:\/\/aikidocanejan.fr\/wp-content\/uploads\/2026\/04\/share_3318297551348503773-927x1536.png 927w\" sizes=\"(max-width: 1055px) 100vw, 1055px\" \/><button\n\t\t\tclass=\"lightbox-trigger\"\n\t\t\ttype=\"button\"\n\t\t\taria-haspopup=\"dialog\"\n\t\t\taria-label=\"Agrandir\"\n\t\t\tdata-wp-init=\"callbacks.initTriggerButton\"\n\t\t\tdata-wp-on-async--click=\"actions.showLightbox\"\n\t\t\tdata-wp-style--right=\"state.imageButtonRight\"\n\t\t\tdata-wp-style--top=\"state.imageButtonTop\"\n\t\t>\n\t\t\t<svg xmlns=\"http:\/\/www.w3.org\/2000\/svg\" width=\"12\" height=\"12\" fill=\"none\" viewBox=\"0 0 12 12\">\n\t\t\t\t<path fill=\"#fff\" d=\"M2 0a2 2 0 0 0-2 2v2h1.5V2a.5.5 0 0 1 .5-.5h2V0H2Zm2 10.5H2a.5.5 0 0 1-.5-.5V8H0v2a2 2 0 0 0 2 2h2v-1.5ZM8 12v-1.5h2a.5.5 0 0 0 .5-.5V8H12v2a2 2 0 0 1-2 2H8Zm2-12a2 2 0 0 1 2 2v2h-1.5V2a.5.5 0 0 0-.5-.5H8V0h2Z\" \/>\n\t\t\t<\/svg>\n\t\t<\/button><\/figure>\n\n\n\n<figure data-wp-context=\"{&quot;imageId&quot;:&quot;69f32853b5a8b&quot;}\" data-wp-interactive=\"core\/image\" class=\"wp-block-image size-full wp-lightbox-container\"><img decoding=\"async\" width=\"400\" height=\"559\" data-wp-class--hide=\"state.isContentHidden\" data-wp-class--show=\"state.isContentVisible\" data-wp-init=\"callbacks.setButtonStyles\" data-wp-on-async--click=\"actions.showLightbox\" data-wp-on-async--load=\"callbacks.setButtonStyles\" data-wp-on-async-window--resize=\"callbacks.setButtonStyles\" data-id=\"1320\" src=\"https:\/\/aikidocanejan.fr\/wp-content\/uploads\/2026\/04\/1000035262-400\u00d7559.jpg\" alt=\"\" class=\"wp-image-1320\" srcset=\"https:\/\/aikidocanejan.fr\/wp-content\/uploads\/2026\/04\/1000035262-400\u00d7559.jpg 400w, https:\/\/aikidocanejan.fr\/wp-content\/uploads\/2026\/04\/1000035262-400\u00d7559-215x300.jpg 215w\" sizes=\"(max-width: 400px) 100vw, 400px\" \/><button\n\t\t\tclass=\"lightbox-trigger\"\n\t\t\ttype=\"button\"\n\t\t\taria-haspopup=\"dialog\"\n\t\t\taria-label=\"Agrandir\"\n\t\t\tdata-wp-init=\"callbacks.initTriggerButton\"\n\t\t\tdata-wp-on-async--click=\"actions.showLightbox\"\n\t\t\tdata-wp-style--right=\"state.imageButtonRight\"\n\t\t\tdata-wp-style--top=\"state.imageButtonTop\"\n\t\t>\n\t\t\t<svg xmlns=\"http:\/\/www.w3.org\/2000\/svg\" width=\"12\" height=\"12\" fill=\"none\" viewBox=\"0 0 12 12\">\n\t\t\t\t<path fill=\"#fff\" d=\"M2 0a2 2 0 0 0-2 2v2h1.5V2a.5.5 0 0 1 .5-.5h2V0H2Zm2 10.5H2a.5.5 0 0 1-.5-.5V8H0v2a2 2 0 0 0 2 2h2v-1.5ZM8 12v-1.5h2a.5.5 0 0 0 .5-.5V8H12v2a2 2 0 0 1-2 2H8Zm2-12a2 2 0 0 1 2 2v2h-1.5V2a.5.5 0 0 0-.5-.5H8V0h2Z\" \/>\n\t\t\t<\/svg>\n\t\t<\/button><\/figure>\n\n\n\n<figure data-wp-context=\"{&quot;imageId&quot;:&quot;69f32853b5cf4&quot;}\" data-wp-interactive=\"core\/image\" class=\"wp-block-image size-full wp-lightbox-container\"><img decoding=\"async\" width=\"1400\" height=\"2130\" data-wp-class--hide=\"state.isContentHidden\" data-wp-class--show=\"state.isContentVisible\" data-wp-init=\"callbacks.setButtonStyles\" data-wp-on-async--click=\"actions.showLightbox\" data-wp-on-async--load=\"callbacks.setButtonStyles\" data-wp-on-async-window--resize=\"callbacks.setButtonStyles\" data-id=\"1307\" src=\"https:\/\/aikidocanejan.fr\/wp-content\/uploads\/2026\/04\/17774055045572085393167543098435.jpg\" alt=\"\" class=\"wp-image-1307\" srcset=\"https:\/\/aikidocanejan.fr\/wp-content\/uploads\/2026\/04\/17774055045572085393167543098435.jpg 1400w, https:\/\/aikidocanejan.fr\/wp-content\/uploads\/2026\/04\/17774055045572085393167543098435-197x300.jpg 197w, https:\/\/aikidocanejan.fr\/wp-content\/uploads\/2026\/04\/17774055045572085393167543098435-673x1024.jpg 673w, https:\/\/aikidocanejan.fr\/wp-content\/uploads\/2026\/04\/17774055045572085393167543098435-768x1168.jpg 768w, https:\/\/aikidocanejan.fr\/wp-content\/uploads\/2026\/04\/17774055045572085393167543098435-1010x1536.jpg 1010w, https:\/\/aikidocanejan.fr\/wp-content\/uploads\/2026\/04\/17774055045572085393167543098435-1346x2048.jpg 1346w\" sizes=\"(max-width: 1400px) 100vw, 1400px\" \/><button\n\t\t\tclass=\"lightbox-trigger\"\n\t\t\ttype=\"button\"\n\t\t\taria-haspopup=\"dialog\"\n\t\t\taria-label=\"Agrandir\"\n\t\t\tdata-wp-init=\"callbacks.initTriggerButton\"\n\t\t\tdata-wp-on-async--click=\"actions.showLightbox\"\n\t\t\tdata-wp-style--right=\"state.imageButtonRight\"\n\t\t\tdata-wp-style--top=\"state.imageButtonTop\"\n\t\t>\n\t\t\t<svg xmlns=\"http:\/\/www.w3.org\/2000\/svg\" width=\"12\" height=\"12\" fill=\"none\" viewBox=\"0 0 12 12\">\n\t\t\t\t<path fill=\"#fff\" d=\"M2 0a2 2 0 0 0-2 2v2h1.5V2a.5.5 0 0 1 .5-.5h2V0H2Zm2 10.5H2a.5.5 0 0 1-.5-.5V8H0v2a2 2 0 0 0 2 2h2v-1.5ZM8 12v-1.5h2a.5.5 0 0 0 .5-.5V8H12v2a2 2 0 0 1-2 2H8Zm2-12a2 2 0 0 1 2 2v2h-1.5V2a.5.5 0 0 0-.5-.5H8V0h2Z\" \/>\n\t\t\t<\/svg>\n\t\t<\/button><\/figure>\n\n\n\n<figure data-wp-context=\"{&quot;imageId&quot;:&quot;69f32853b5f66&quot;}\" data-wp-interactive=\"core\/image\" class=\"wp-block-image size-full wp-lightbox-container\"><img decoding=\"async\" width=\"1080\" height=\"1642\" data-wp-class--hide=\"state.isContentHidden\" data-wp-class--show=\"state.isContentVisible\" data-wp-init=\"callbacks.setButtonStyles\" data-wp-on-async--click=\"actions.showLightbox\" data-wp-on-async--load=\"callbacks.setButtonStyles\" data-wp-on-async-window--resize=\"callbacks.setButtonStyles\" data-id=\"1316\" src=\"https:\/\/aikidocanejan.fr\/wp-content\/uploads\/2026\/04\/share_8466389312253703253.png\" alt=\"\" class=\"wp-image-1316\" srcset=\"https:\/\/aikidocanejan.fr\/wp-content\/uploads\/2026\/04\/share_8466389312253703253.png 1080w, https:\/\/aikidocanejan.fr\/wp-content\/uploads\/2026\/04\/share_8466389312253703253-197x300.png 197w, https:\/\/aikidocanejan.fr\/wp-content\/uploads\/2026\/04\/share_8466389312253703253-674x1024.png 674w, https:\/\/aikidocanejan.fr\/wp-content\/uploads\/2026\/04\/share_8466389312253703253-768x1168.png 768w, https:\/\/aikidocanejan.fr\/wp-content\/uploads\/2026\/04\/share_8466389312253703253-1010x1536.png 1010w\" sizes=\"(max-width: 1080px) 100vw, 1080px\" \/><button\n\t\t\tclass=\"lightbox-trigger\"\n\t\t\ttype=\"button\"\n\t\t\taria-haspopup=\"dialog\"\n\t\t\taria-label=\"Agrandir\"\n\t\t\tdata-wp-init=\"callbacks.initTriggerButton\"\n\t\t\tdata-wp-on-async--click=\"actions.showLightbox\"\n\t\t\tdata-wp-style--right=\"state.imageButtonRight\"\n\t\t\tdata-wp-style--top=\"state.imageButtonTop\"\n\t\t>\n\t\t\t<svg xmlns=\"http:\/\/www.w3.org\/2000\/svg\" width=\"12\" height=\"12\" fill=\"none\" viewBox=\"0 0 12 12\">\n\t\t\t\t<path fill=\"#fff\" d=\"M2 0a2 2 0 0 0-2 2v2h1.5V2a.5.5 0 0 1 .5-.5h2V0H2Zm2 10.5H2a.5.5 0 0 1-.5-.5V8H0v2a2 2 0 0 0 2 2h2v-1.5ZM8 12v-1.5h2a.5.5 0 0 0 .5-.5V8H12v2a2 2 0 0 1-2 2H8Zm2-12a2 2 0 0 1 2 2v2h-1.5V2a.5.5 0 0 0-.5-.5H8V0h2Z\" \/>\n\t\t\t<\/svg>\n\t\t<\/button><\/figure>\n\n\n\n<figure data-wp-context=\"{&quot;imageId&quot;:&quot;69f32853b61cd&quot;}\" data-wp-interactive=\"core\/image\" class=\"wp-block-image size-full wp-lightbox-container\"><img decoding=\"async\" width=\"600\" height=\"962\" data-wp-class--hide=\"state.isContentHidden\" data-wp-class--show=\"state.isContentVisible\" data-wp-init=\"callbacks.setButtonStyles\" data-wp-on-async--click=\"actions.showLightbox\" data-wp-on-async--load=\"callbacks.setButtonStyles\" data-wp-on-async-window--resize=\"callbacks.setButtonStyles\" data-id=\"1322\" src=\"https:\/\/aikidocanejan.fr\/wp-content\/uploads\/2026\/04\/1000035280-600\u00d7962.jpg\" alt=\"\" class=\"wp-image-1322\" srcset=\"https:\/\/aikidocanejan.fr\/wp-content\/uploads\/2026\/04\/1000035280-600\u00d7962.jpg 600w, https:\/\/aikidocanejan.fr\/wp-content\/uploads\/2026\/04\/1000035280-600\u00d7962-187x300.jpg 187w\" sizes=\"(max-width: 600px) 100vw, 600px\" \/><button\n\t\t\tclass=\"lightbox-trigger\"\n\t\t\ttype=\"button\"\n\t\t\taria-haspopup=\"dialog\"\n\t\t\taria-label=\"Agrandir\"\n\t\t\tdata-wp-init=\"callbacks.initTriggerButton\"\n\t\t\tdata-wp-on-async--click=\"actions.showLightbox\"\n\t\t\tdata-wp-style--right=\"state.imageButtonRight\"\n\t\t\tdata-wp-style--top=\"state.imageButtonTop\"\n\t\t>\n\t\t\t<svg xmlns=\"http:\/\/www.w3.org\/2000\/svg\" width=\"12\" height=\"12\" fill=\"none\" viewBox=\"0 0 12 12\">\n\t\t\t\t<path fill=\"#fff\" d=\"M2 0a2 2 0 0 0-2 2v2h1.5V2a.5.5 0 0 1 .5-.5h2V0H2Zm2 10.5H2a.5.5 0 0 1-.5-.5V8H0v2a2 2 0 0 0 2 2h2v-1.5ZM8 12v-1.5h2a.5.5 0 0 0 .5-.5V8H12v2a2 2 0 0 1-2 2H8Zm2-12a2 2 0 0 1 2 2v2h-1.5V2a.5.5 0 0 0-.5-.5H8V0h2Z\" \/>\n\t\t\t<\/svg>\n\t\t<\/button><\/figure>\n\n\n\n<figure data-wp-context=\"{&quot;imageId&quot;:&quot;69f32853b642d&quot;}\" data-wp-interactive=\"core\/image\" class=\"wp-block-image size-full wp-lightbox-container\"><img decoding=\"async\" width=\"903\" height=\"1372\" data-wp-class--hide=\"state.isContentHidden\" data-wp-class--show=\"state.isContentVisible\" data-wp-init=\"callbacks.setButtonStyles\" data-wp-on-async--click=\"actions.showLightbox\" data-wp-on-async--load=\"callbacks.setButtonStyles\" data-wp-on-async-window--resize=\"callbacks.setButtonStyles\" data-id=\"1317\" src=\"https:\/\/aikidocanejan.fr\/wp-content\/uploads\/2026\/04\/vivre-l-aikido2.jpg\" alt=\"\" class=\"wp-image-1317\" srcset=\"https:\/\/aikidocanejan.fr\/wp-content\/uploads\/2026\/04\/vivre-l-aikido2.jpg 903w, https:\/\/aikidocanejan.fr\/wp-content\/uploads\/2026\/04\/vivre-l-aikido2-197x300.jpg 197w, https:\/\/aikidocanejan.fr\/wp-content\/uploads\/2026\/04\/vivre-l-aikido2-674x1024.jpg 674w, https:\/\/aikidocanejan.fr\/wp-content\/uploads\/2026\/04\/vivre-l-aikido2-768x1167.jpg 768w\" sizes=\"(max-width: 903px) 100vw, 903px\" \/><button\n\t\t\tclass=\"lightbox-trigger\"\n\t\t\ttype=\"button\"\n\t\t\taria-haspopup=\"dialog\"\n\t\t\taria-label=\"Agrandir\"\n\t\t\tdata-wp-init=\"callbacks.initTriggerButton\"\n\t\t\tdata-wp-on-async--click=\"actions.showLightbox\"\n\t\t\tdata-wp-style--right=\"state.imageButtonRight\"\n\t\t\tdata-wp-style--top=\"state.imageButtonTop\"\n\t\t>\n\t\t\t<svg xmlns=\"http:\/\/www.w3.org\/2000\/svg\" width=\"12\" height=\"12\" fill=\"none\" viewBox=\"0 0 12 12\">\n\t\t\t\t<path fill=\"#fff\" d=\"M2 0a2 2 0 0 0-2 2v2h1.5V2a.5.5 0 0 1 .5-.5h2V0H2Zm2 10.5H2a.5.5 0 0 1-.5-.5V8H0v2a2 2 0 0 0 2 2h2v-1.5ZM8 12v-1.5h2a.5.5 0 0 0 .5-.5V8H12v2a2 2 0 0 1-2 2H8Zm2-12a2 2 0 0 1 2 2v2h-1.5V2a.5.5 0 0 0-.5-.5H8V0h2Z\" \/>\n\t\t\t<\/svg>\n\t\t<\/button><figcaption class=\"wp-element-caption\">Vivre l&rsquo;a\u00efkido<\/figcaption><\/figure>\n<\/figure>\n\n\n\n<p><\/p>\n\n\n\n<p class=\"has-normal-font-size\" style=\"font-style:normal;font-weight:500;text-transform:uppercase\">A\u00efkido, nature et harmonie<\/p>\n\n\n\n<p class=\"has-normal-font-size\" style=\"text-transform:none\"><strong>Mitsugi SAOTOME<\/strong><\/p>\n\n\n\n<p style=\"font-style:italic;font-weight:400;text-transform:none\">Celui qui cherche avec ce livre un ouvrage technique sur les mouvements d&rsquo;a\u00efkido sera d\u00e9\u00e7u car ce livre ne parle pas de techniques mais du fond de la pratique.<br>Mitsugi Saotome, un des plus grands ma\u00eetres japonais de notre \u00e9poque, nous livre, avec cet ouvrage remarquable, sa vision personnelle de l&rsquo;a\u00efkido telle qu&rsquo;il l&rsquo;a \u00e9labor\u00e9e durant les quinze ann\u00e9es pass\u00e9es aupr\u00e8s du Fondateur. Il esp\u00e8re ainsi laisser le lecteur p\u00e9n\u00e9trer l&rsquo;univers de son ma\u00eetre \u00e0 travers les grands principes de l&rsquo;a\u00efkido.<br>Univers, v\u00e9rit\u00e9, \u00e9quilibre, justice, \u00e9volution, transmission, r\u00e9alit\u00e9, harmonie et, bien s\u00fbr, nature sont les sujets qui lui tiennent le plus \u00e0 coeur et qu&rsquo;il d\u00e9veloppe, comme l&rsquo;harmonie, l&rsquo;\u00e9quilibre de la nature, la recherche de la v\u00e9rit\u00e9, sont remarquablement illustr\u00e9s par les techniques fondamentales de l&rsquo;a\u00efkido.<br>Illustr\u00e9 par pr\u00e8s de cinq cents photographies, ce livre est un des piliers de l&rsquo;a\u00efkido japonais.<\/p>\n\n\n\n<hr class=\"wp-block-separator has-alpha-channel-opacity\"\/>\n\n\n\n<p class=\"has-normal-font-size\" style=\"font-style:normal;font-weight:500;text-transform:uppercase\">Contes de la chambre de th\u00e9<\/p>\n\n\n\n<p><strong>Sophie De MEYRAC<\/strong><\/p>\n\n\n\n<p>\u00ab Les histoires offertes ici \u00e0 la d\u00e9gustation du lecteur sont semblables \u00e0 ce breuvage qui fut longtemps, avant d&rsquo;\u00eatre un plaisir, une m\u00e9decine. Les contes autant que le th\u00e9 participent du m\u00eame art : celui de la relation, du partage, de l&rsquo;\u00eatre ensemble ( &#8230;) Les contes de la chambre du th\u00e9 ont le parfum fragile mais combien \u00e9mouvant d&rsquo;un au-del\u00e0 des apparences o\u00f9 le silence \u00e9merveille, o\u00f9 les c\u0153urs battent \u00e0 l&rsquo;unisson. Ils constituent une religion, au sens premier du terme : ils nous relient, intimement. Comme le th\u00e9. Sophie de Meyrac est une parfaite servante de cet esprit-l\u00e0. Elle a ce qu&rsquo;il faut de sobri\u00e9t\u00e9, de pr\u00e9cision, de sensibilit\u00e9 et de culture, je veux dire : d&rsquo;attention amoureuse envers les usages de ces pays Chine, Japon, Tibet qui l&rsquo;ont accueillie. \u00bb<br>Henri Gougaud<\/p>\n\n\n\n<hr class=\"wp-block-separator has-alpha-channel-opacity\"\/>\n\n\n\n<p class=\"has-normal-font-size\" style=\"font-style:normal;font-weight:500;text-transform:uppercase\">Contes et r\u00e9cits des arts martiaux de Chine et du Japon<\/p>\n\n\n\n<p><strong>Pascal FAULIOT<\/strong><\/p>\n\n\n\n<p>Michel Random, l&rsquo;un des meilleurs connaisseurs de l&rsquo;art et des traditions du Japon, nous pr\u00e9sente cette s\u00e9rie de contes s\u00e9lectionn\u00e9s et traduits par Pascal Fauliot, tir\u00e9s de l&rsquo;histoire mill\u00e9naire des arts martiaux en Chine et au Japon et qui nous enseignent avec verve que la racine du combat, de tout combat, ne se trouve pas uniquement dans la technique apprise et ma\u00eetris\u00e9e mais, et surtout, dans l&rsquo;esprit du combattant : sa capacit\u00e9 de concentration et d&rsquo;observation, jointe \u00e0 la force de son ki, son \u00e9lan vital, demeure garante du succ\u00e8s.<br>Toutes ces savoureuses histoires ont ainsi plusieurs niveaux de lecture qui nous am\u00e8nent \u00e0 d\u00e9couvrir divers reflets de ces civilisations traditionnelles o\u00f9 la philosophie, ce langage de sagesse et de savoir-\u00eatre, \u00e9tait objectivement v\u00e9cue, et non seulement pens\u00e9e. En cela cet ouvrage se r\u00e9v\u00e8le \u00e0 la fois \u00eatre une initiation \u00e0 l&rsquo;essence des arts martiaux, un pr\u00e9cis de psychologie de l&rsquo;action, un guide pratique et&#8230; un recueil d&rsquo;histoires v\u00e9cues.<\/p>\n\n\n\n<hr class=\"wp-block-separator has-alpha-channel-opacity\"\/>\n\n\n\n<p class=\"has-normal-font-size\" style=\"font-style:normal;font-weight:500;text-transform:uppercase\">encyclop\u00e9die des arts martiaux de l\u2019Extr\u00eame-Orient<\/p>\n\n\n\n<p><strong>Gabrielle HABERZTZER, Roland HABERZTZER<\/strong><\/p>\n\n\n\n<p>Plus de 150 d\u00e9finitions. Les techniques, les concepts, les histoires, les hommes, les styles, le fond culturel\u2026 au Japon, en Chine, \u00e0 Okinawa, en Cor\u00e9e, en Inde, en Indon\u00e9sie, en Birmanie, au Vietnam, en Malaisie, aux Philippines et en Tha\u00eflande\u2026<\/p>\n\n\n\n<hr class=\"wp-block-separator has-alpha-channel-opacity\"\/>\n\n\n\n<p class=\"has-normal-font-size\" style=\"font-style:normal;font-weight:500;text-transform:uppercase\">HARA &#8211; centre vital de l&rsquo;homme<\/p>\n\n\n\n<p style=\"text-transform:none\"><strong>Karlfried Graf D\u00dcRKHEIM<\/strong><\/p>\n\n\n\n<p>Pr\u00e9sente la pratique spirituelle du hara qui vise au retour de l&rsquo;homme vers son centre originel.<br>Le Hara n&rsquo;est pas seulement une th\u00e9orie doctrinale. C&rsquo;est l&rsquo;enseignement d&rsquo;une pratique au service de l&rsquo;essentiel. La pratique du Hara aide \u00e0 la fois dans la ma\u00eetrise de la vie en ce monde et dans la progression sur la Voie. Il s&rsquo;agit de la Voie qui redonne \u00e0 l&rsquo;homme ayant perdu ses racines, la conscience de son origine \u00e9ternelle et qui le pr\u00e9pare \u00e0 r\u00e9aliser sa destination premi\u00e8re, c&rsquo;est-\u00e0-dire \u00e0 r\u00e9v\u00e9ler l&rsquo;\u00catre dans l&rsquo;existence. Le retour en son centre originel de l&rsquo;homme, devenu \u00e9tranger \u00e0 lui-m\u00eame, a toujours jou\u00e9 un r\u00f4le d\u00e9cisif dans l&rsquo;engagement sur la Voie. L&rsquo;enseignement et la pratique du Hara, du centre vital de l&rsquo;homme, aident \u00e0 prendre conscience de ce processus. Le pr\u00e9sent ouvrage n&rsquo;a d&rsquo;autre pr\u00e9tention que d&rsquo;ouvrir une porte sur une sagesse n\u00e9e de l&rsquo;exp\u00e9rience transcendantale, sagesse dont on n&rsquo;a, jusqu&rsquo;\u00e0 pr\u00e9sent, pas assez appr\u00e9ci\u00e9 la valeur. Qu&rsquo;il commence aujourd&rsquo;hui \u00e0 en \u00eatre autrement ne signifie pas que l&rsquo;on emprunte \u00e0 une conception orientale, mais au contraire que l&rsquo;on s&rsquo;ouvre \u00e0 une v\u00e9rit\u00e9 propre \u00e0 tous les hommes &#8211; v\u00e9rit\u00e9 qui n&rsquo;avait pas encore fait son chemin&#8230;<\/p>\n\n\n\n<hr class=\"wp-block-separator has-alpha-channel-opacity\"\/>\n\n\n\n<p class=\"has-normal-font-size\" style=\"font-style:normal;font-weight:500;text-transform:uppercase\">Le dit des Heik\u00e9<br>Cycle \u00e9pique m\u00e9di\u00e9val des Ta\u00efra et des Minamoto, II<\/p>\n\n\n\n<p><strong>Traduit du japonais par Ren\u00e9 SIEFFERT<\/strong><\/p>\n\n\n\n<p>Apr\u00e8s Le Dit de H\u00f4gen et Le Dit de Heiji, voici le troisi\u00e8me volet de la grande trilogie classique du Moyen \u00c2ge japonais, Le Dit des Heik\u00e9. Il s\u2019agit de la version \u00e9pique des \u00e9v\u00e9nements qui ont boulevers\u00e9 les structures politiques et sociales du Japon dans la seconde moiti\u00e9 du xiie\u202fsi\u00e8cle, \u00e0 savoir l\u2019intrusion dans la vie politique des deux clans guerriers des Ta\u00efra (ou Heik\u00e9) et des Minamoto (ou Genji), et de leur affrontement pour le contr\u00f4le d\u2019un pouvoir qu\u2019ils avaient arrach\u00e9 au clan aristocratique des Fujiwara, \u00e9troitement li\u00e9 \u00e0 la maison imp\u00e9riale. Le Dit des Heik\u00e9 conte l\u2019irr\u00e9sistible ascension des Heik\u00e9, leur pouvoir absolu jusqu\u2019\u00e0 la mort de Kiyomori, le soul\u00e8vement des Genji, l\u2019\u00e9crasement d\u00e9finitif des Heik\u00e9 et l\u2019instauration d\u2019un nouveau syst\u00e8me politique, le gouvernement des sh\u00f4gun de Kamakura au b\u00e9n\u00e9fice de Minamoto no Yoritomo (1147\u20111199). Ces r\u00e9cits constituent la source o\u00f9 puiseront, \u00e0 toutes les \u00e9poques, les romanciers et les dramaturges. Ils \u00e9taient \u00e0 l\u2019origine colport\u00e9s par des aveugles, les \u00ab moines au biwa \u00bb, qui les racontaient partout, village ou ch\u00e2teau, \u00e0 travers l\u2019archipel.<\/p>\n\n\n\n<hr class=\"wp-block-separator has-alpha-channel-opacity\"\/>\n\n\n\n<p class=\"has-normal-font-size\" style=\"font-style:normal;font-weight:500;text-transform:uppercase\">Le dit de H\u00f4gen, le dit de Heiji<br>Cycle \u00e9pique m\u00e9di\u00e9val des Ta\u00efra et des Minamoto, I<\/p>\n\n\n\n<p><strong>Traduit du japonais, annot\u00e9 et pr\u00e9sent\u00e9 par Ren\u00e9 SIEFFERT<\/strong><\/p>\n\n\n\n<p>C\u2019est au milieu du XIIe si\u00e8cle que commence l\u2019histoire du Dit de H\u00f4gen. Le Japon vient de conna\u00eetre la p\u00e9riode la plus brillante de sa civilisation, et deux groupes m\u00e8nent le jeu politique : la Cour, domin\u00e9e par les Fujiwara, et le clan des guerriers, avec \u00e0 leur t\u00eate les Ta\u00efra et les Minamoto, rivaux mais pas encore ennemis d\u00e9clar\u00e9s.<br>Le Dit de H\u00f4gen et le Dit de Heiji relatent une v\u00e9ritable r\u00e9volution : l\u2019\u00e9viction des Fujiwara et la lutte sanglante pour le pouvoir entre les deux clans. On assiste ainsi \u00e0 l\u2019irruption de la province dans les affaires de la Ville et \u00e0 la naissance d\u2019une classe f\u00e9odale qui va contester le pouvoir central pendant des si\u00e8cles.<br>Ces r\u00e9cits constituent la source o\u00f9 puiseront, \u00e0 toutes les \u00e9poques, les romanciers et les dramaturges. Ils \u00e9taient \u00e0 l\u2019origine colport\u00e9s par des aveugles, les \u00ab moines au biwa \u00bb, qui les racontaient partout, village ou ch\u00e2teau, \u00e0 travers l\u2019archipel.<br>Aujourd\u2019hui, leurs th\u00e8mes vivent encore au th\u00e9\u00e2tre, au cin\u00e9ma et \u00e0 la t\u00e9l\u00e9vision.<\/p>\n\n\n\n<hr class=\"wp-block-separator has-alpha-channel-opacity\"\/>\n\n\n\n<p class=\"has-normal-font-size\" style=\"font-style:normal;font-weight:500;text-transform:uppercase\">le sabre et le divin<\/p>\n\n\n\n<p><strong>Risuke OTAKE<\/strong><\/p>\n\n\n\n<p>L&rsquo;\u00e9cole Tenshin Sh\u00f4den Katori Shint\u00f4 Ry\u00fb est sans doute la plus ancienne et traditionnelle \u00e9cole de combat japonaise. Elle est associ\u00e9e \u00e0 une voie spirituelle.<br>Ce livre pr\u00e9sente l\u2019int\u00e9gralit\u00e9 du savoir de l\u2019\u00e9cole dans des domaines divers. Un important chapitre sur l\u2019aspect \u00e9sot\u00e9rique de la pratique compl\u00e8te le d\u00e9veloppement historique et th\u00e9orique de l\u2019\u00e9cole.<\/p>\n\n\n\n<hr class=\"wp-block-separator has-alpha-channel-opacity\"\/>\n\n\n\n<p class=\"has-normal-font-size\" style=\"font-style:normal;font-weight:500;text-transform:uppercase\">les cinq saisons de lutz<\/p>\n\n\n\n<p>Guilhem JOANJ\u00d2RDI<\/p>\n\n\n\n<p><\/p>\n\n\n\n<hr class=\"wp-block-separator has-alpha-channel-opacity\"\/>\n\n\n\n<p class=\"has-normal-font-size\" style=\"font-style:normal;font-weight:500;text-transform:uppercase\">Le Zen dans l&rsquo;art chevaleresque du tir \u00e0 l&rsquo;arc<\/p>\n\n\n\n<p><strong>Eugen HERRIGEL<\/strong><\/p>\n\n\n\n<p>\u00ab Dans cet admirable petit livre, E. Herrigel, philosophe allemand qui est venu au Japon et s&rsquo;est adonn\u00e9 au tir \u00e0 l&rsquo;arc pour arriver \u00e0 comprendre le Zen, donne de sa propre exp\u00e9rience un r\u00e9cit qui nous \u00e9claire. Un des caract\u00e8res qui nous frappent le plus dans l&rsquo;exercice du tir \u00e0 l&rsquo;arc, et en fait de tous les arts tels qu&rsquo;on les \u00e9tudie au Japon, c&rsquo;est qu&rsquo;on n&rsquo;en attend pas des jouissances uniquement esth\u00e9tiques, mais qu&rsquo;on y voit un moyen de former le mental, et m\u00eame de le mettre en contact avec la r\u00e9alit\u00e9 ultime. \u00bb<\/p>\n\n\n\n<hr class=\"wp-block-separator has-alpha-channel-opacity\"\/>\n\n\n\n<p class=\"has-normal-font-size\" style=\"font-style:normal;font-weight:500;text-transform:uppercase\">trait\u00e9 des cinq roues<\/p>\n\n\n\n<p><strong>Miyamoto MUSASHI<\/strong><\/p>\n\n\n\n<p>R\u00e9sum\u00e9 v1 : A partir d&rsquo;une vision de l&rsquo;homme et du cosmos reposant sur les cinq \u00e9l\u00e9ments, le samoura\u00ef met en lumi\u00e8re l&rsquo;essence des arts martiaux et le secret d&rsquo;une strat\u00e9gie victorieuse qui transcende la violence, et devient art de vivre et d&rsquo;agir.<\/p>\n\n\n\n<p>R\u00e9sum\u00e9 v2 : Au XVIe si\u00e8cle, Miyamoto Musashi, samoura\u00ef invaincu par une vie de combats, ma\u00eetre \u00e8s armes et esprit de nombreux disciples, se retire dans une grotte quelques mois avant sa mort et r\u00e9dige ce classique de la litt\u00e9rature universelle.<br>Ce guerrier nous donne en un texte lumineux l&rsquo;essence des arts martiaux et le secret d&rsquo;une strat\u00e9gie victorieuse qui transcende la violence et devient art de vivre et d&rsquo;agir. Attitude qui explique aujourd&rsquo;hui les raisons des succ\u00e8s japonais dans tous les domaines.<br>Une le\u00e7on \u00e0 m\u00e9diter et \u00e0 pratiquer : car l&rsquo;esprit de l&rsquo;art de l&rsquo;\u00e9p\u00e9e peut s&rsquo;appliquer \u00e0 tous les gestes de la vie quotidienne.<\/p>\n\n\n\n<hr class=\"wp-block-separator has-alpha-channel-opacity\"\/>\n\n\n\n<p class=\"has-normal-font-size\" style=\"font-style:normal;font-weight:500;text-transform:uppercase\">VIVRE L&rsquo;A\u00cfKIDO<\/p>\n\n\n\n<p><strong>Gaku HOMMA<\/strong><\/p>\n\n\n\n<p>Dans cet ouvrage, l&rsquo;auteur privil\u00e9gie la mise en pratique des mouvements de l&rsquo;a\u00efkido plut\u00f4t qu&rsquo;un enseignement strictement technique, l&rsquo;action se fait le support de sa p\u00e9dagogie. Les d\u00e9butants trouveront dans ce livre des r\u00e9ponses simples et claires aux interrogations qui les taraudent lorsqu&rsquo;ils abordent la pratique de l&rsquo;a\u00efkido et les enseignants y d\u00e9couvriront une alternative \u00e0 leur approche p\u00e9dagogique.<br>Avec ce livre, Gaku Homma souhaite dissiper les illusions qui ont pu voir le jour dans l&rsquo;esprit de certains pratiquants, et encourager les enseignants \u00e0 reconsid\u00e9rer leur position, leur attitude et leur approche de l&rsquo;enseignement afin de poursuivre leur propre \u00e9volution.<\/p>\n","protected":false},"excerpt":{"rendered":"<p>Cliquez sur les images pour les agrandir. Vous trouverez plus bas la description des \u0153uvres, class\u00e9es par ordres alphab\u00e9tique (titre du livre). A\u00efkido, nature et harmonie Mitsugi SAOTOME Celui qui cherche avec ce livre un ouvrage technique sur les mouvements &hellip;<\/p>\n","protected":false},"author":4,"featured_media":1344,"parent":0,"menu_order":0,"comment_status":"closed","ping_status":"closed","template":"","meta":{"footnotes":""},"class_list":["post-1305","page","type-page","status-publish","has-post-thumbnail","hentry"],"_links":{"self":[{"href":"https:\/\/aikidocanejan.fr\/index.php?rest_route=\/wp\/v2\/pages\/1305","targetHints":{"allow":["GET"]}}],"collection":[{"href":"https:\/\/aikidocanejan.fr\/index.php?rest_route=\/wp\/v2\/pages"}],"about":[{"href":"https:\/\/aikidocanejan.fr\/index.php?rest_route=\/wp\/v2\/types\/page"}],"author":[{"embeddable":true,"href":"https:\/\/aikidocanejan.fr\/index.php?rest_route=\/wp\/v2\/users\/4"}],"replies":[{"embeddable":true,"href":"https:\/\/aikidocanejan.fr\/index.php?rest_route=%2Fwp%2Fv2%2Fcomments&post=1305"}],"version-history":[{"count":22,"href":"https:\/\/aikidocanejan.fr\/index.php?rest_route=\/wp\/v2\/pages\/1305\/revisions"}],"predecessor-version":[{"id":1343,"href":"https:\/\/aikidocanejan.fr\/index.php?rest_route=\/wp\/v2\/pages\/1305\/revisions\/1343"}],"wp:featuredmedia":[{"embeddable":true,"href":"https:\/\/aikidocanejan.fr\/index.php?rest_route=\/wp\/v2\/media\/1344"}],"wp:attachment":[{"href":"https:\/\/aikidocanejan.fr\/index.php?rest_route=%2Fwp%2Fv2%2Fmedia&parent=1305"}],"curies":[{"name":"wp","href":"https:\/\/api.w.org\/{rel}","templated":true}]}}